{"id":244,"date":"2021-05-05T13:47:16","date_gmt":"2021-05-05T13:47:16","guid":{"rendered":"https:\/\/lenartoptika.ro\/?page_id=244"},"modified":"2025-09-03T08:21:13","modified_gmt":"2025-09-03T08:21:13","slug":"homero","status":"publish","type":"page","link":"https:\/\/lenartoptika.ro\/ro\/","title":{"rendered":"!HomeRO"},"content":{"rendered":"<p>[vc_row][vc_column width=&#8221;5\/6&#8243; offset=&#8221;vc_col-sm-offset-1&#8243; el_class=&#8221;home-about-block blendin-shadow&#8221;][vc_single_image image=&#8221;21&#8243; img_size=&#8221;full&#8221;][vc_column_text css=&#8221;.vc_custom_1620222484385{margin-bottom: 0px !important;}&#8221;]Optica L\u00e9n\u00e1rt a fost \u00eenfiin\u021bat\u0103 \u00een luna mai a anului 1996, iar \u00een prezent func\u021bion\u0103m cu patru magazine \u00een localit\u0103\u021bile Covasna pe strada Unirii, \u00een Sf\u00e2ntu Gheorghe de pe bulevardul Grigore B\u0103lan \u0219i \u00een T\u00e2rgu Secuiesc pe str\u0103zile Pet\u0151fi S\u00e1ndor \u0219i Gheorghe Doja.[\/vc_column_text][\/vc_column][\/vc_row][vc_row][vc_column][vc_cta h2=&#8221;Aici po\u021bi face o programare online.&#8221; shape=&#8221;square&#8221; color=&#8221;black&#8221; add_button=&#8221;right&#8221; btn_title=&#8221;Rezervare&#8221; btn_style=&#8221;flat&#8221; btn_shape=&#8221;square&#8221; btn_color=&#8221;black&#8221; btn_size=&#8221;lg&#8221; btn_align=&#8221;right&#8221; btn_link=&#8221;url:https%3A%2F%2Flenartoptika.ro%2Fro%2Frezervare%2F|title:Rezervare&#8221; el_class=&#8221;appointment-cta-block&#8221;][\/vc_cta][\/vc_column][\/vc_row][vc_row gap=&#8221;20&#8243; el_class=&#8221;home-services-row&#8221;][vc_column width=&#8221;1\/3&#8243;][vc_single_image image=&#8221;28&#8243; img_size=&#8221;full&#8221;][vc_custom_heading text=&#8221;HOYA VISION&#8221; font_container=&#8221;tag:h3|text_align:left&#8221; use_theme_fonts=&#8221;yes&#8221;][vc_column_text]Propriet\u0103\u021bi optice de neegalat, lentile de ochelari durabile \u0219i estetice. Vedere perfect\u0103. Aspect perfect.[\/vc_column_text]<style type=\"text\/css\" data-type=\"the7_shortcodes-inline-css\">#default-btn-3cafd9bb2864f137df4814c91d8bd409 {\n  font-size: 14px;\n  line-height: 16px;\n  padding: 4px 0px 4px 0px;\n}\n#default-btn-3cafd9bb2864f137df4814c91d8bd409.ico-right-side > i {\n  margin-right: 0px;\n  margin-left: 8px;\n}\n#default-btn-3cafd9bb2864f137df4814c91d8bd409:after {\n  height: 2px;\n}\n#default-btn-3cafd9bb2864f137df4814c91d8bd409 > i {\n  margin-right: 8px;\n  font-size: 11px;\n}\n#default-btn-3cafd9bb2864f137df4814c91d8bd409.ico-right-side > i {\n  margin-right: 0px;\n  margin-left: 8px;\n}\n#default-btn-3cafd9bb2864f137df4814c91d8bd409 > i {\n  margin-right: 8px;\n}\n#default-btn-3cafd9bb2864f137df4814c91d8bd409 * {\n  vertical-align: middle;\n}\n<\/style><a href=\"https:\/\/lenartoptika.ro\/ro\/hoya\/\" class=\"default-btn-shortcode dt-btn-link link-hover-off btn-inline-left upwards-line \" id=\"default-btn-3cafd9bb2864f137df4814c91d8bd409\" title=\"Hoya\"><span>Detalii<\/span><\/a>[\/vc_column][vc_column width=&#8221;1\/3&#8243;][vc_single_image image=&#8221;30&#8243; img_size=&#8221;full&#8221;][vc_custom_heading text=&#8221;YUNIKU&#8221; font_container=&#8221;tag:h3|text_align:left&#8221; use_theme_fonts=&#8221;yes&#8221;][vc_column_text]Form\u0103, emo\u021bii \u0219i tr\u0103s\u0103turi unice ale fe\u021bei. Exprim\u0103-te! Creeaz\u0103-\u021bi stilul unic! S\u0103rb\u0103tore\u0219te cu Yuniku faptul c\u0103 e\u0219ti unic![\/vc_column_text]<style type=\"text\/css\" data-type=\"the7_shortcodes-inline-css\">#default-btn-4cdae19422693fb448639c5a2a57f6d6 {\n  font-size: 14px;\n  line-height: 16px;\n  padding: 4px 0px 4px 0px;\n}\n#default-btn-4cdae19422693fb448639c5a2a57f6d6.ico-right-side > i {\n  margin-right: 0px;\n  margin-left: 8px;\n}\n#default-btn-4cdae19422693fb448639c5a2a57f6d6:after {\n  height: 2px;\n}\n#default-btn-4cdae19422693fb448639c5a2a57f6d6 > i {\n  margin-right: 8px;\n  font-size: 11px;\n}\n#default-btn-4cdae19422693fb448639c5a2a57f6d6.ico-right-side > i {\n  margin-right: 0px;\n  margin-left: 8px;\n}\n#default-btn-4cdae19422693fb448639c5a2a57f6d6 > i {\n  margin-right: 8px;\n}\n#default-btn-4cdae19422693fb448639c5a2a57f6d6 * {\n  vertical-align: middle;\n}\n<\/style><a href=\"https:\/\/lenartoptika.ro\/ro\/ochelari-3d-yuniku\/\" class=\"default-btn-shortcode dt-btn-link link-hover-off btn-inline-left upwards-line \" id=\"default-btn-4cdae19422693fb448639c5a2a57f6d6\" title=\"Yuniku 3D Szem\u00fcveg\"><span>Detalii<\/span><\/a>[\/vc_column][vc_column width=&#8221;1\/3&#8243;][vc_single_image image=&#8221;29&#8243; img_size=&#8221;full&#8221;][vc_custom_heading text=&#8221;POLAROID&#8221; font_container=&#8221;tag:h3|text_align:left&#8221; use_theme_fonts=&#8221;yes&#8221;][vc_column_text]Marca Polaroid a ap\u0103rut de mult timp pe pia\u021b\u0103, fiind cunoscut\u0103 publicului pentru prezen\u021ba \u00een domeniul fotografiei.[\/vc_column_text]<style type=\"text\/css\" data-type=\"the7_shortcodes-inline-css\">#default-btn-64b81a602fe375edec29c1a280857152 {\n  font-size: 14px;\n  line-height: 16px;\n  padding: 4px 0px 4px 0px;\n}\n#default-btn-64b81a602fe375edec29c1a280857152.ico-right-side > i {\n  margin-right: 0px;\n  margin-left: 8px;\n}\n#default-btn-64b81a602fe375edec29c1a280857152:after {\n  height: 2px;\n}\n#default-btn-64b81a602fe375edec29c1a280857152 > i {\n  margin-right: 8px;\n  font-size: 11px;\n}\n#default-btn-64b81a602fe375edec29c1a280857152.ico-right-side > i {\n  margin-right: 0px;\n  margin-left: 8px;\n}\n#default-btn-64b81a602fe375edec29c1a280857152 > i {\n  margin-right: 8px;\n}\n#default-btn-64b81a602fe375edec29c1a280857152 * {\n  vertical-align: middle;\n}\n<\/style><a href=\"https:\/\/lenartoptika.ro\/ro\/polaroid\/\" class=\"default-btn-shortcode dt-btn-link link-hover-off btn-inline-left upwards-line \" id=\"default-btn-64b81a602fe375edec29c1a280857152\" title=\"Polaroid\"><span>B\u0151vebben<\/span><\/a>[\/vc_column][\/vc_row][vc_row full_width=&#8221;stretch_row_content&#8221; equal_height=&#8221;yes&#8221; el_class=&#8221;home-promo-block blendin-shadow&#8221;][vc_column width=&#8221;1\/2&#8243;][\/vc_column][vc_column width=&#8221;1\/2&#8243; el_class=&#8221;promo-details-block&#8221;][vc_row_inner][vc_column_inner][vc_custom_heading text=&#8221;PROMO\u021aII&#8221; use_theme_fonts=&#8221;yes&#8221; el_class=&#8221;title-subline&#8221;][vc_column_text]Suntem preg\u0103ti\u021bi mereu cu promo\u021bii noi pentru clien\u021bii no\u0219tri!<\/p>\n<p>Viziteaz\u0103-ne \u00een magazinele noastre \u0219i descoper\u0103 promo\u021biile curente prin care \u00ee\u021bi po\u021bi achizi\u021biona produse de cea mai \u00eenalt\u0103 calitate la pre\u021buri accesibile.[\/vc_column_text]<style type=\"text\/css\" data-type=\"the7_shortcodes-inline-css\">#default-btn-fa9ad482f89305f69fa58f360b2b4246 {\n  font-size: 14px;\n  line-height: 16px;\n  padding: 4px 0px 4px 0px;\n}\n#default-btn-fa9ad482f89305f69fa58f360b2b4246.ico-right-side > i {\n  margin-right: 0px;\n  margin-left: 8px;\n}\n#default-btn-fa9ad482f89305f69fa58f360b2b4246:after {\n  height: 2px;\n}\n#default-btn-fa9ad482f89305f69fa58f360b2b4246 > i {\n  margin-right: 8px;\n  font-size: 11px;\n}\n#default-btn-fa9ad482f89305f69fa58f360b2b4246.ico-right-side > i {\n  margin-right: 0px;\n  margin-left: 8px;\n}\n#default-btn-fa9ad482f89305f69fa58f360b2b4246 > i {\n  margin-right: 8px;\n}\n#default-btn-fa9ad482f89305f69fa58f360b2b4246 * {\n  vertical-align: middle;\n}\n<\/style><a href=\"https:\/\/lenartoptika.ro\/ro\/contact\/\" class=\"default-btn-shortcode dt-btn-link link-hover-off btn-inline-left upwards-line \" id=\"default-btn-fa9ad482f89305f69fa58f360b2b4246\" title=\"Contact\"><span>Aici g\u0103se\u0219ti lista cu magazinele noastre<\/span><\/a>[\/vc_column_inner][\/vc_row_inner][\/vc_column][\/vc_row][vc_row equal_height=&#8221;yes&#8221; content_placement=&#8221;middle&#8221; el_class=&#8221;home-bottom-row prods&#8221;][vc_column width=&#8221;1\/2&#8243; el_class=&#8221;home-bottom-row-details&#8221;][vc_custom_heading text=&#8221;Produsele Noastre&#8221; use_theme_fonts=&#8221;yes&#8221; el_class=&#8221;title-subline&#8221;][vc_column_text]Descoper\u0103 ochelarii visurilor tale sau alege din oferta noastr\u0103 de ochelari de soare \u0219i lentile de contact![\/vc_column_text]<style type=\"text\/css\" data-type=\"the7_shortcodes-inline-css\">#default-btn-04b9ad75cbb11052cf6fcbc48b3a4650 {\n  font-size: 14px;\n  line-height: 16px;\n  padding: 4px 0px 4px 0px;\n}\n#default-btn-04b9ad75cbb11052cf6fcbc48b3a4650.ico-right-side > i {\n  margin-right: 0px;\n  margin-left: 8px;\n}\n#default-btn-04b9ad75cbb11052cf6fcbc48b3a4650:after {\n  height: 2px;\n}\n#default-btn-04b9ad75cbb11052cf6fcbc48b3a4650 > i {\n  margin-right: 8px;\n  font-size: 11px;\n}\n#default-btn-04b9ad75cbb11052cf6fcbc48b3a4650.ico-right-side > i {\n  margin-right: 0px;\n  margin-left: 8px;\n}\n#default-btn-04b9ad75cbb11052cf6fcbc48b3a4650 > i {\n  margin-right: 8px;\n}\n#default-btn-04b9ad75cbb11052cf6fcbc48b3a4650 * {\n  vertical-align: middle;\n}\n<\/style><a href=\"https:\/\/lenartoptika.ro\/ro\/produsele-noastre\/\" class=\"default-btn-shortcode dt-btn-link link-hover-off btn-inline-left upwards-line \" id=\"default-btn-04b9ad75cbb11052cf6fcbc48b3a4650\" title=\"Produsele noastre\"><span>Mai multe detalii<\/span><\/a>[\/vc_column][vc_column width=&#8221;1\/2&#8243;][vc_single_image image=&#8221;45&#8243; img_size=&#8221;full&#8221; alignment=&#8221;center&#8221;][\/vc_column][\/vc_row][vc_row equal_height=&#8221;yes&#8221; content_placement=&#8221;middle&#8221; el_class=&#8221;home-bottom-row serv&#8221;][vc_column width=&#8221;1\/2&#8243;][vc_single_image image=&#8221;46&#8243; img_size=&#8221;full&#8221; alignment=&#8221;center&#8221;][\/vc_column][vc_column width=&#8221;1\/2&#8243; el_class=&#8221;home-bottom-row-details&#8221;][vc_custom_heading text=&#8221;Serviciile Noastre&#8221; use_theme_fonts=&#8221;yes&#8221; el_class=&#8221;title-subline&#8221;][vc_column_text]Oferim servicii complexe de \u00eenalt\u0103 calitate \u00een magazinele noastre, cu solu\u021bii personalizate.[\/vc_column_text]<style type=\"text\/css\" data-type=\"the7_shortcodes-inline-css\">#default-btn-229b8a3b29eb8959144870fc08cb7b18 {\n  font-size: 14px;\n  line-height: 16px;\n  padding: 4px 0px 4px 0px;\n}\n#default-btn-229b8a3b29eb8959144870fc08cb7b18.ico-right-side > i {\n  margin-right: 0px;\n  margin-left: 8px;\n}\n#default-btn-229b8a3b29eb8959144870fc08cb7b18:after {\n  height: 2px;\n}\n#default-btn-229b8a3b29eb8959144870fc08cb7b18 > i {\n  margin-right: 8px;\n  font-size: 11px;\n}\n#default-btn-229b8a3b29eb8959144870fc08cb7b18.ico-right-side > i {\n  margin-right: 0px;\n  margin-left: 8px;\n}\n#default-btn-229b8a3b29eb8959144870fc08cb7b18 > i {\n  margin-right: 8px;\n}\n#default-btn-229b8a3b29eb8959144870fc08cb7b18 * {\n  vertical-align: middle;\n}\n<\/style><a href=\"https:\/\/lenartoptika.ro\/szolgaltatasok\/\" class=\"default-btn-shortcode dt-btn-link link-hover-off btn-inline-left upwards-line \" id=\"default-btn-229b8a3b29eb8959144870fc08cb7b18\" title=\"Szolg\u00e1ltat\u00e1sok\"><span>Mai multe detalii<\/span><\/a>[\/vc_column][\/vc_row]<\/p>\n","protected":false},"excerpt":{"rendered":"<p>[vc_row][vc_column width=&#8221;5\/6&#8243; offset=&#8221;vc_col-sm-offset-1&#8243; el_class=&#8221;home-about-block blendin-shadow&#8221;][vc_single_image image=&#8221;21&#8243; img_size=&#8221;full&#8221;][vc_column_text css=&#8221;.vc_custom_1620222484385{margin-bottom: 0px !important;}&#8221;]Optica L\u00e9n\u00e1rt a fost \u00eenfiin\u021bat\u0103 \u00een luna mai a anului 1996, iar \u00een prezent func\u021bion\u0103m cu patru magazine \u00een localit\u0103\u021bile Covasna pe strada Unirii, \u00een Sf\u00e2ntu Gheorghe de pe bulevardul Grigore B\u0103lan \u0219i \u00een T\u00e2rgu Secuiesc pe str\u0103zile Pet\u0151fi S\u00e1ndor \u0219i Gheorghe Doja.[\/vc_column_text][\/vc_column][\/vc_row][vc_row][vc_column][vc_cta h2=&#8221;Aici po\u021bi face&hellip;<\/p>\n","protected":false},"author":1,"featured_media":0,"parent":0,"menu_order":0,"comment_status":"closed","ping_status":"closed","template":"","meta":[],"yoast_head":"<!-- This site is optimized with the Yoast SEO plugin v18.9 - https:\/\/yoast.com\/wordpress\/plugins\/seo\/ -->\n<title>L\u00e9n\u00e1rt Optika - O vedere clar\u0103 \u0219i imaculat\u0103!<\/title>\n<meta name=\"description\" content=\"Optica L\u00e9n\u00e1rt a fost \u00eenfiin\u021bat\u0103 \u00een luna mai a anului 1996, iar \u00een prezent func\u021bion\u0103m cu patru magazine \u00een localit\u0103\u021bile Covasna, Sf\u00e2ntu Gheorghe \u0219i T\u00e2rgu Secuiesc.\" \/>\n<meta name=\"robots\" content=\"index, follow, max-snippet:-1, max-image-preview:large, max-video-preview:-1\" \/>\n<link rel=\"canonical\" href=\"https:\/\/lenartoptika.ro\/ro\/\" \/>\n<meta property=\"og:locale\" content=\"ro_RO\" \/>\n<meta property=\"og:type\" content=\"article\" \/>\n<meta property=\"og:title\" content=\"L\u00e9n\u00e1rt Optika - O vedere clar\u0103 \u0219i imaculat\u0103!\" \/>\n<meta property=\"og:description\" content=\"Optica L\u00e9n\u00e1rt a fost \u00eenfiin\u021bat\u0103 \u00een luna mai a anului 1996, iar \u00een prezent func\u021bion\u0103m cu patru magazine \u00een localit\u0103\u021bile Covasna, Sf\u00e2ntu Gheorghe \u0219i T\u00e2rgu Secuiesc.\" \/>\n<meta property=\"og:url\" content=\"https:\/\/lenartoptika.ro\/ro\/\" \/>\n<meta property=\"og:site_name\" content=\"L\u00e9n\u00e1rt Optika\" \/>\n<meta property=\"article:modified_time\" content=\"2025-09-03T08:21:13+00:00\" \/>\n<meta property=\"og:image\" content=\"https:\/\/lenartoptika.ro\/wp-content\/uploads\/2021\/03\/bg-comingsoon.jpg\" \/>\n\t<meta property=\"og:image:width\" content=\"1920\" \/>\n\t<meta property=\"og:image:height\" content=\"1080\" \/>\n\t<meta property=\"og:image:type\" content=\"image\/jpeg\" \/>\n<meta name=\"twitter:card\" content=\"summary_large_image\" \/>\n<meta name=\"twitter:title\" content=\"L\u00e9n\u00e1rt Optika - O vedere clar\u0103 \u0219i imaculat\u0103!\" \/>\n<meta name=\"twitter:description\" content=\"Optica L\u00e9n\u00e1rt a fost \u00eenfiin\u021bat\u0103 \u00een luna mai a anului 1996, iar \u00een prezent func\u021bion\u0103m cu patru magazine \u00een localit\u0103\u021bile Covasna, Sf\u00e2ntu Gheorghe \u0219i T\u00e2rgu Secuiesc.\" \/>\n<meta name=\"twitter:image\" content=\"https:\/\/lenartoptika.ro\/wp-content\/uploads\/2021\/03\/bg-comingsoon.jpg\" \/>\n<meta name=\"twitter:label1\" content=\"Est. reading time\" \/>\n\t<meta name=\"twitter:data1\" content=\"4 minute\" \/>\n<script type=\"application\/ld+json\" class=\"yoast-schema-graph\">{\"@context\":\"https:\/\/schema.org\",\"@graph\":[{\"@type\":\"Organization\",\"@id\":\"https:\/\/lenartoptika.ro\/ro\/#organization\",\"name\":\"L\u00e9n\u00e1rt Optika\",\"url\":\"https:\/\/lenartoptika.ro\/ro\/\",\"sameAs\":[],\"logo\":{\"@type\":\"ImageObject\",\"inLanguage\":\"ro-RO\",\"@id\":\"https:\/\/lenartoptika.ro\/ro\/#\/schema\/logo\/image\/\",\"url\":\"https:\/\/lenartoptika.ro\/wp-content\/uploads\/2023\/01\/logo-hor-250.png\",\"contentUrl\":\"https:\/\/lenartoptika.ro\/wp-content\/uploads\/2023\/01\/logo-hor-250.png\",\"width\":250,\"height\":96,\"caption\":\"L\u00e9n\u00e1rt Optika\"},\"image\":{\"@id\":\"https:\/\/lenartoptika.ro\/ro\/#\/schema\/logo\/image\/\"}},{\"@type\":\"WebSite\",\"@id\":\"https:\/\/lenartoptika.ro\/ro\/#website\",\"url\":\"https:\/\/lenartoptika.ro\/ro\/\",\"name\":\"L\u00e9n\u00e1rt Optika\",\"description\":\"O vedere clar\u0103 \u0219i imaculat\u0103!\",\"publisher\":{\"@id\":\"https:\/\/lenartoptika.ro\/ro\/#organization\"},\"potentialAction\":[{\"@type\":\"SearchAction\",\"target\":{\"@type\":\"EntryPoint\",\"urlTemplate\":\"https:\/\/lenartoptika.ro\/ro\/?s={search_term_string}\"},\"query-input\":\"required name=search_term_string\"}],\"inLanguage\":\"ro-RO\"},{\"@type\":\"ImageObject\",\"inLanguage\":\"ro-RO\",\"@id\":\"https:\/\/lenartoptika.ro\/ro\/#primaryimage\",\"url\":\"https:\/\/lenartoptika.ro\/wp-content\/uploads\/2021\/03\/bg-comingsoon.jpg\",\"contentUrl\":\"https:\/\/lenartoptika.ro\/wp-content\/uploads\/2021\/03\/bg-comingsoon.jpg\",\"width\":1920,\"height\":1080},{\"@type\":\"WebPage\",\"@id\":\"https:\/\/lenartoptika.ro\/ro\/#webpage\",\"url\":\"https:\/\/lenartoptika.ro\/ro\/\",\"name\":\"L\u00e9n\u00e1rt Optika - O vedere clar\u0103 \u0219i imaculat\u0103!\",\"isPartOf\":{\"@id\":\"https:\/\/lenartoptika.ro\/ro\/#website\"},\"primaryImageOfPage\":{\"@id\":\"https:\/\/lenartoptika.ro\/ro\/#primaryimage\"},\"datePublished\":\"2021-05-05T13:47:16+00:00\",\"dateModified\":\"2025-09-03T08:21:13+00:00\",\"description\":\"Optica L\u00e9n\u00e1rt a fost \u00eenfiin\u021bat\u0103 \u00een luna mai a anului 1996, iar \u00een prezent func\u021bion\u0103m cu patru magazine \u00een localit\u0103\u021bile Covasna, Sf\u00e2ntu Gheorghe \u0219i T\u00e2rgu Secuiesc.\",\"breadcrumb\":{\"@id\":\"https:\/\/lenartoptika.ro\/ro\/#breadcrumb\"},\"inLanguage\":\"ro-RO\",\"potentialAction\":[{\"@type\":\"ReadAction\",\"target\":[\"https:\/\/lenartoptika.ro\/ro\/\"]}]},{\"@type\":\"BreadcrumbList\",\"@id\":\"https:\/\/lenartoptika.ro\/ro\/#breadcrumb\",\"itemListElement\":[{\"@type\":\"ListItem\",\"position\":1,\"name\":\"Home\",\"item\":\"https:\/\/lenartoptika.ro\/ro\/\"},{\"@type\":\"ListItem\",\"position\":2,\"name\":\"!HomeRO\"}]}]}<\/script>\n<!-- \/ Yoast SEO plugin. -->","yoast_head_json":{"title":"L\u00e9n\u00e1rt Optika - O vedere clar\u0103 \u0219i imaculat\u0103!","description":"Optica L\u00e9n\u00e1rt a fost \u00eenfiin\u021bat\u0103 \u00een luna mai a anului 1996, iar \u00een prezent func\u021bion\u0103m cu patru magazine \u00een localit\u0103\u021bile Covasna, Sf\u00e2ntu Gheorghe \u0219i T\u00e2rgu Secuiesc.","robots":{"index":"index","follow":"follow","max-snippet":"max-snippet:-1","max-image-preview":"max-image-preview:large","max-video-preview":"max-video-preview:-1"},"canonical":"https:\/\/lenartoptika.ro\/ro\/","og_locale":"ro_RO","og_type":"article","og_title":"L\u00e9n\u00e1rt Optika - O vedere clar\u0103 \u0219i imaculat\u0103!","og_description":"Optica L\u00e9n\u00e1rt a fost \u00eenfiin\u021bat\u0103 \u00een luna mai a anului 1996, iar \u00een prezent func\u021bion\u0103m cu patru magazine \u00een localit\u0103\u021bile Covasna, Sf\u00e2ntu Gheorghe \u0219i T\u00e2rgu Secuiesc.","og_url":"https:\/\/lenartoptika.ro\/ro\/","og_site_name":"L\u00e9n\u00e1rt Optika","article_modified_time":"2025-09-03T08:21:13+00:00","og_image":[{"width":1920,"height":1080,"url":"https:\/\/lenartoptika.ro\/wp-content\/uploads\/2021\/03\/bg-comingsoon.jpg","type":"image\/jpeg"}],"twitter_card":"summary_large_image","twitter_title":"L\u00e9n\u00e1rt Optika - O vedere clar\u0103 \u0219i imaculat\u0103!","twitter_description":"Optica L\u00e9n\u00e1rt a fost \u00eenfiin\u021bat\u0103 \u00een luna mai a anului 1996, iar \u00een prezent func\u021bion\u0103m cu patru magazine \u00een localit\u0103\u021bile Covasna, Sf\u00e2ntu Gheorghe \u0219i T\u00e2rgu Secuiesc.","twitter_image":"https:\/\/lenartoptika.ro\/wp-content\/uploads\/2021\/03\/bg-comingsoon.jpg","twitter_misc":{"Est. reading time":"4 minute"},"schema":{"@context":"https:\/\/schema.org","@graph":[{"@type":"Organization","@id":"https:\/\/lenartoptika.ro\/ro\/#organization","name":"L\u00e9n\u00e1rt Optika","url":"https:\/\/lenartoptika.ro\/ro\/","sameAs":[],"logo":{"@type":"ImageObject","inLanguage":"ro-RO","@id":"https:\/\/lenartoptika.ro\/ro\/#\/schema\/logo\/image\/","url":"https:\/\/lenartoptika.ro\/wp-content\/uploads\/2023\/01\/logo-hor-250.png","contentUrl":"https:\/\/lenartoptika.ro\/wp-content\/uploads\/2023\/01\/logo-hor-250.png","width":250,"height":96,"caption":"L\u00e9n\u00e1rt Optika"},"image":{"@id":"https:\/\/lenartoptika.ro\/ro\/#\/schema\/logo\/image\/"}},{"@type":"WebSite","@id":"https:\/\/lenartoptika.ro\/ro\/#website","url":"https:\/\/lenartoptika.ro\/ro\/","name":"L\u00e9n\u00e1rt Optika","description":"O vedere clar\u0103 \u0219i imaculat\u0103!","publisher":{"@id":"https:\/\/lenartoptika.ro\/ro\/#organization"},"potentialAction":[{"@type":"SearchAction","target":{"@type":"EntryPoint","urlTemplate":"https:\/\/lenartoptika.ro\/ro\/?s={search_term_string}"},"query-input":"required name=search_term_string"}],"inLanguage":"ro-RO"},{"@type":"ImageObject","inLanguage":"ro-RO","@id":"https:\/\/lenartoptika.ro\/ro\/#primaryimage","url":"https:\/\/lenartoptika.ro\/wp-content\/uploads\/2021\/03\/bg-comingsoon.jpg","contentUrl":"https:\/\/lenartoptika.ro\/wp-content\/uploads\/2021\/03\/bg-comingsoon.jpg","width":1920,"height":1080},{"@type":"WebPage","@id":"https:\/\/lenartoptika.ro\/ro\/#webpage","url":"https:\/\/lenartoptika.ro\/ro\/","name":"L\u00e9n\u00e1rt Optika - O vedere clar\u0103 \u0219i imaculat\u0103!","isPartOf":{"@id":"https:\/\/lenartoptika.ro\/ro\/#website"},"primaryImageOfPage":{"@id":"https:\/\/lenartoptika.ro\/ro\/#primaryimage"},"datePublished":"2021-05-05T13:47:16+00:00","dateModified":"2025-09-03T08:21:13+00:00","description":"Optica L\u00e9n\u00e1rt a fost \u00eenfiin\u021bat\u0103 \u00een luna mai a anului 1996, iar \u00een prezent func\u021bion\u0103m cu patru magazine \u00een localit\u0103\u021bile Covasna, Sf\u00e2ntu Gheorghe \u0219i T\u00e2rgu Secuiesc.","breadcrumb":{"@id":"https:\/\/lenartoptika.ro\/ro\/#breadcrumb"},"inLanguage":"ro-RO","potentialAction":[{"@type":"ReadAction","target":["https:\/\/lenartoptika.ro\/ro\/"]}]},{"@type":"BreadcrumbList","@id":"https:\/\/lenartoptika.ro\/ro\/#breadcrumb","itemListElement":[{"@type":"ListItem","position":1,"name":"Home","item":"https:\/\/lenartoptika.ro\/ro\/"},{"@type":"ListItem","position":2,"name":"!HomeRO"}]}]}},"_links":{"self":[{"href":"https:\/\/lenartoptika.ro\/ro\/wp-json\/wp\/v2\/pages\/244"}],"collection":[{"href":"https:\/\/lenartoptika.ro\/ro\/wp-json\/wp\/v2\/pages"}],"about":[{"href":"https:\/\/lenartoptika.ro\/ro\/wp-json\/wp\/v2\/types\/page"}],"author":[{"embeddable":true,"href":"https:\/\/lenartoptika.ro\/ro\/wp-json\/wp\/v2\/users\/1"}],"replies":[{"embeddable":true,"href":"https:\/\/lenartoptika.ro\/ro\/wp-json\/wp\/v2\/comments?post=244"}],"version-history":[{"count":8,"href":"https:\/\/lenartoptika.ro\/ro\/wp-json\/wp\/v2\/pages\/244\/revisions"}],"predecessor-version":[{"id":552,"href":"https:\/\/lenartoptika.ro\/ro\/wp-json\/wp\/v2\/pages\/244\/revisions\/552"}],"wp:attachment":[{"href":"https:\/\/lenartoptika.ro\/ro\/wp-json\/wp\/v2\/media?parent=244"}],"curies":[{"name":"wp","href":"https:\/\/api.w.org\/{rel}","templated":true}]}}